{"id":23218,"date":"2021-05-28T14:14:32","date_gmt":"2021-05-28T12:14:32","guid":{"rendered":"https:\/\/walliserhof.mls-test.ch\/protection-des-donnees\/"},"modified":"2024-09-24T14:52:45","modified_gmt":"2024-09-24T12:52:45","slug":"protection-des-donnees","status":"publish","type":"page","link":"https:\/\/walliserhof.ch\/fr\/protection-des-donnees\/","title":{"rendered":"Protection des donn\u00e9es"},"content":{"rendered":"<p>[et_pb_section fb_built=\u00a0\u00bb1&Prime; custom_padding_last_edited=\u00a0\u00bbon|desktop\u00a0\u00bb _builder_version=\u00a0\u00bb4.17.4&Prime; use_background_color_gradient=\u00a0\u00bbon\u00a0\u00bb background_color_gradient_stops=\u00a0\u00bbrgba(80,84,86,0.4) 0%|rgba(80,84,86,0.4) 100%\u00a0\u00bb background_color_gradient_overlays_image=\u00a0\u00bbon\u00a0\u00bb background_color_gradient_start=\u00a0\u00bbrgba(80,84,86,0.4)\u00a0\u00bb background_color_gradient_end=\u00a0\u00bbrgba(80,84,86,0.4)\u00a0\u00bb background_image=\u00a0\u00bbhttps:\/\/walliserhof.ch\/wp-content\/uploads\/hotel.avif\u00a0\u00bb custom_margin=\u00a0\u00bb||||false|false\u00a0\u00bb custom_margin_tablet=\u00a0\u00bb|3vh||3vh|false|true\u00a0\u00bb custom_margin_phone=\u00a0\u00bb|2vh||2vh|false|true\u00a0\u00bb custom_margin_last_edited=\u00a0\u00bboff|desktop\u00a0\u00bb custom_padding=\u00a0\u00bb240px|0px|240px|0px|true|false\u00a0\u00bb custom_padding_tablet=\u00a0\u00bb200px||200px||true|false\u00a0\u00bb custom_padding_phone=\u00a0\u00bb160px||160px||true|false\u00a0\u00bb animation_style=\u00a0\u00bbzoom\u00a0\u00bb animation_delay=\u00a0\u00bb500ms\u00a0\u00bb global_colors_info=\u00a0\u00bb{}\u00a0\u00bb][et_pb_row _builder_version=\u00a0\u00bb4.17.4&Prime; _module_preset=\u00a0\u00bbdefault\u00a0\u00bb height=\u00a0\u00bb100%\u00a0\u00bb custom_padding=\u00a0\u00bb0px||0px|||\u00a0\u00bb global_colors_info=\u00a0\u00bb{}\u00a0\u00bb][et_pb_column type=\u00a0\u00bb4_4&Prime; _builder_version=\u00a0\u00bb4.17.4&Prime; _module_preset=\u00a0\u00bbdefault\u00a0\u00bb global_colors_info=\u00a0\u00bb{}\u00a0\u00bb][et_pb_text _builder_version=\u00a0\u00bb4.17.4&Prime; _module_preset=\u00a0\u00bbdefault\u00a0\u00bb header_font=\u00a0\u00bb|700||on|||||\u00a0\u00bb header_text_align=\u00a0\u00bbcenter\u00a0\u00bb header_text_color=\u00a0\u00bb#FFFFFF\u00a0\u00bb header_font_size=\u00a0\u00bb60px\u00a0\u00bb custom_margin=\u00a0\u00bb0px||0px||false|false\u00a0\u00bb custom_padding=\u00a0\u00bb0px||0px||false|false\u00a0\u00bb header_text_align_tablet=\u00a0\u00bbcenter\u00a0\u00bb header_text_align_phone=\u00a0\u00bbleft\u00a0\u00bb header_text_align_last_edited=\u00a0\u00bbon|phone\u00a0\u00bb header_font_size_tablet=\u00a0\u00bb46px\u00a0\u00bb header_font_size_phone=\u00a0\u00bb22px\u00a0\u00bb header_font_size_last_edited=\u00a0\u00bbon|desktop\u00a0\u00bb header_text_shadow_style=\u00a0\u00bbpreset1&Prime; header_text_shadow_vertical_length=\u00a0\u00bb1px\u00a0\u00bb header_text_shadow_blur_strength=\u00a0\u00bb3px\u00a0\u00bb header_text_shadow_color=\u00a0\u00bbrgba(0,0,0,0.3)\u00a0\u00bb global_colors_info=\u00a0\u00bb{}\u00a0\u00bb]<\/p>\n<h1>Protection des donn\u00e9es<\/h1>\n<p>[\/et_pb_text][\/et_pb_column][\/et_pb_row][\/et_pb_section][et_pb_section fb_built=\u00a0\u00bb1&Prime; custom_padding_last_edited=\u00a0\u00bbon|phone\u00a0\u00bb _builder_version=\u00a0\u00bb4.17.4&Prime; custom_margin=\u00a0\u00bb|4vh||4vh|false|false\u00a0\u00bb custom_margin_tablet=\u00a0\u00bb|3vh||3vh|false|true\u00a0\u00bb custom_margin_phone=\u00a0\u00bb|2vh||2vh|false|true\u00a0\u00bb custom_margin_last_edited=\u00a0\u00bbon|phone\u00a0\u00bb custom_padding=\u00a0\u00bb140px|0px|0px|0px|false|false\u00a0\u00bb custom_padding_tablet=\u00a0\u00bb100px||0px||false|false\u00a0\u00bb custom_padding_phone=\u00a0\u00bb60px||0px||false|false\u00a0\u00bb global_colors_info=\u00a0\u00bb{}\u00a0\u00bb][et_pb_row _builder_version=\u00a0\u00bb4.17.4&Prime; _module_preset=\u00a0\u00bbdefault\u00a0\u00bb custom_margin=\u00a0\u00bb0px||0px||false|false\u00a0\u00bb custom_padding=\u00a0\u00bb0px||0px||false|false\u00a0\u00bb animation_style=\u00a0\u00bbzoom\u00a0\u00bb global_colors_info=\u00a0\u00bb{}\u00a0\u00bb][et_pb_column type=\u00a0\u00bb4_4&Prime; _builder_version=\u00a0\u00bb4.17.4&Prime; _module_preset=\u00a0\u00bbdefault\u00a0\u00bb global_colors_info=\u00a0\u00bb{}\u00a0\u00bb][et_pb_text _builder_version=\u00a0\u00bb4.27.0&Prime; _module_preset=\u00a0\u00bbdefault\u00a0\u00bb text_font=\u00a0\u00bb|300|||||||\u00a0\u00bb text_font_size=\u00a0\u00bb18px\u00a0\u00bb header_3_font=\u00a0\u00bb|700||on|||||\u00a0\u00bb header_3_text_align=\u00a0\u00bbleft\u00a0\u00bb header_3_text_color=\u00a0\u00bb#0080C9&Prime; header_3_font_size=\u00a0\u00bb36px\u00a0\u00bb hover_enabled=\u00a0\u00bb0&Prime; text_font_size_tablet=\u00a0\u00bb17px\u00a0\u00bb text_font_size_phone=\u00a0\u00bb16px\u00a0\u00bb text_font_size_last_edited=\u00a0\u00bbon|phone\u00a0\u00bb header_3_font_size_tablet=\u00a0\u00bb28px\u00a0\u00bb header_3_font_size_phone=\u00a0\u00bb20px\u00a0\u00bb header_3_font_size_last_edited=\u00a0\u00bbon|desktop\u00a0\u00bb global_colors_info=\u00a0\u00bb{}\u00a0\u00bb sticky_enabled=\u00a0\u00bb0&Prime;]<\/p>\n<h3>Remarque g\u00e9n\u00e9rale<\/h3>\n<p>Le responsable du traitement des donn\u00e9es sur ce site est :<\/p>\n<p>Hotel Walliserhof<br \/>Thermenstrasse 70<br \/>CH-3954 Leukerbad<\/p>\n<p>E-Mail: <a href=\"mailto:info@walliserhof.ch\">info@walliserhof.ch<\/a><br \/>Telefon: <a href=\"tel:+41274727960\">027 472 79 60<\/a><\/p>\n<p>Le responsable d\u00e9cide, seul ou conjointement avec d\u2019autres, des finalit\u00e9s et des moyens du traitement des donn\u00e9es \u00e0 caract\u00e8re personnel (p. ex. noms, coordonn\u00e9es ou autres).<\/p>\n<p><strong>R\u00e9vocation de votre consentement au traitement des donn\u00e9es<\/strong><\/p>\n<p>Certaines op\u00e9rations de traitement des donn\u00e9es ne sont possibles qu\u2019avec votre consentement explicite. Il est possible de r\u00e9voquer \u00e0 tout moment le consentement que vous avez d\u00e9j\u00e0 donn\u00e9. Pour la r\u00e9vocation, il suffit d\u2019envoyer un message informel par e-mail. La l\u00e9galit\u00e9 du traitement des donn\u00e9es effectu\u00e9 jusqu\u2019\u00e0 la r\u00e9vocation n\u2019est pas affect\u00e9e par la r\u00e9vocation.<\/p>\n<p><strong>Droit de recours aupr\u00e8s de l\u2019autorit\u00e9 de surveillance comp\u00e9tente<\/strong><\/p>\n<p>En tant que personne concern\u00e9e, vous disposez d\u2019un droit de recours aupr\u00e8s de l\u2019autorit\u00e9 de surveillance comp\u00e9tente en cas d\u2019infraction \u00e0 la l\u00e9gislation sur la protection des donn\u00e9es. L\u2019autorit\u00e9 de surveillance comp\u00e9tente pour les questions relatives \u00e0 la protection des donn\u00e9es est le responsable r\u00e9gional de la protection des donn\u00e9es du Land dans lequel se trouve le si\u00e8ge de notre entreprise. Le lien suivant fournit une liste des d\u00e9l\u00e9gu\u00e9s \u00e0 la protection des donn\u00e9es ainsi que leurs coordonn\u00e9es: <a href=\"https:\/\/www.bfdi.bund.de\/DE\/Infothek\/Anschriften_Links\/anschriften_links-node.html\" target=\"_blank\" rel=\"noopener\">https:\/\/www.bfdi.bund.de\/DE\/Infothek\/Anschriften_Links\/anschriften_links-node.html<\/a>.<\/p>\n<p><strong>Droit \u00e0 la portabilit\u00e9 des donn\u00e9es<\/strong><\/p>\n<p>Vous avez le droit de vous faire remettre ou de faire remettre \u00e0 des tiers les donn\u00e9es que nous traitons de mani\u00e8re automatis\u00e9e sur la base de votre consentement ou en ex\u00e9cution d\u2019un contrat. La mise \u00e0 disposition se fait dans un format lisible par une machine. Si vous demandez le transfert direct des donn\u00e9es \u00e0 un autre responsable, cela ne se fera que dans la mesure o\u00f9 cela est techniquement faisable.<\/p>\n<p><strong>Droit d\u2019acc\u00e8s, de rectification, de blocage, d\u2019effacement<\/strong><\/p>\n<p>Dans le cadre des dispositions l\u00e9gales en vigueur, vous avez \u00e0 tout moment le droit d\u2019obtenir gratuitement des informations sur vos donn\u00e9es personnelles enregistr\u00e9es, l\u2019origine des donn\u00e9es, leurs destinataires et la finalit\u00e9 du traitement des donn\u00e9es et, le cas \u00e9ch\u00e9ant, un droit de rectification, de blocage ou de suppression de ces donn\u00e9es. \u00c0 ce sujet, ainsi que pour toute autre question relative aux donn\u00e9es personnelles, vous pouvez nous contacter \u00e0 tout moment via les possibilit\u00e9s de contact indiqu\u00e9es dans les mentions l\u00e9gales.<\/p>\n<p>&nbsp;<\/p>\n<h3>Chiffrement SSL ou TLS<\/h3>\n<p>Pour des raisons de s\u00e9curit\u00e9 et afin de prot\u00e9ger la transmission de contenus confidentiels que vous nous envoyez en tant qu\u2019exploitant du site, notre site Internet utilise un protocole SSL ou une technologie de cryptage TLS. Ainsi, les donn\u00e9es que vous transmettez via ce site web ne sont pas lisibles par des tiers. Vous reconnaissez une connexion crypt\u00e9e \u00e0 la ligne d\u2019adresse \u00ab https:\/\/ \u00bb de votre navigateur et au symbole du cadenas dans la ligne du navigateur.<\/p>\n<p>&nbsp;<\/p>\n<h3>Fichiers journaux du serveur<\/h3>\n<p>Dans les fichiers journaux du serveur, le fournisseur du site web collecte et enregistre automatiquement les informations que votre navigateur nous transmet automatiquement. Il s\u2019agit de<\/p>\n<ul>\n<li>Page visit\u00e9e sur notre domaine<\/li>\n<li>Date et heure de la demande du serveur<\/li>\n<li>Type et version du navigateur<\/li>\n<li>Syst\u00e8me d\u2019exploitation utilis\u00e9<\/li>\n<li>URL de r\u00e9f\u00e9rence<\/li>\n<li>Nom d\u2019h\u00f4te de l\u2019ordinateur qui acc\u00e8de au site<\/li>\n<li>Adresse IP<\/li>\n<\/ul>\n<p>Ces donn\u00e9es ne sont pas recoup\u00e9es avec d\u2019autres sources de donn\u00e9es. . Le traitement des donn\u00e9es se fonde sur l\u2019art. 6, al. 1 lit. b du RGPD, qui autorise le traitement des donn\u00e9es pour l\u2019ex\u00e9cution d\u2019un contrat ou de mesures pr\u00e9contractuelles.<\/p>\n<p>&nbsp;<\/p>\n<h3>Formulaire de contact<\/h3>\n<p>Les donn\u00e9es transmises par le biais du formulaire de contact sont enregistr\u00e9es, y compris vos coordonn\u00e9es, afin de pouvoir traiter votre demande ou de r\u00e9pondre \u00e0 des questions de suivi. Ces donn\u00e9es ne sont pas transmises sans votre consentement.<\/p>\n<p>Le traitement des donn\u00e9es saisies dans le formulaire de contact s\u2019effectue exclusivement sur la base de votre consentement (article 6, paragraphe 1, point a du RGPD). Il est possible de r\u00e9voquer \u00e0 tout moment le consentement que vous avez d\u00e9j\u00e0 donn\u00e9. Pour la r\u00e9vocation, il suffit d\u2019envoyer un message informel par e-mail. La l\u00e9galit\u00e9 des op\u00e9rations de traitement des donn\u00e9es effectu\u00e9es jusqu\u2019\u00e0 la r\u00e9vocation n\u2019est pas affect\u00e9e par la r\u00e9vocation.<\/p>\n<p>Les donn\u00e9es transmises via le formulaire de contact restent chez nous jusqu\u2019\u00e0 ce que vous nous demandiez de les supprimer, que vous r\u00e9voquiez votre consentement \u00e0 leur stockage ou qu\u2019il ne soit plus n\u00e9cessaire de les conserver. Les dispositions l\u00e9gales contraignantes \u2013 notamment les d\u00e9lais de conservation \u2013 ne sont pas affect\u00e9es.<\/p>\n<p>&nbsp;<\/p>\n<h3>YouTube<\/h3>\n<p>Pour l\u2019int\u00e9gration et la repr\u00e9sentation de contenus vid\u00e9o, notre site web utilise des plugins de YouTube. Le fournisseur du portail vid\u00e9o est YouTube, LLC, 901 Cherry Ave., San Bruno, CA 94066, USA.<\/p>\n<p>Lorsqu\u2019une page avec un plugin YouTube int\u00e9gr\u00e9 est consult\u00e9e, une connexion est \u00e9tablie avec les serveurs de YouTube. YouTube est ainsi inform\u00e9 des pages que vous avez consult\u00e9es sur notre site.<\/p>\n<p>YouTube peut associer votre comportement de navigation directement \u00e0 votre profil personnel si vous \u00eates connect\u00e9 \u00e0 votre compte YouTube. En vous d\u00e9connectant au pr\u00e9alable, vous avez la possibilit\u00e9 d\u2019emp\u00eacher cela.<\/p>\n<p>L\u2019utilisation de YouTube se fait dans l\u2019int\u00e9r\u00eat d\u2019une pr\u00e9sentation attrayante de nos offres en ligne. Cela constitue un int\u00e9r\u00eat l\u00e9gitime au sens de l\u2019article 6, paragraphe 1, de la directive sur la protection des donn\u00e9es. 1 lit. f du RGPD.<\/p>\n<p>Pour plus de d\u00e9tails sur le traitement des donn\u00e9es des utilisateurs, veuillez consulter la d\u00e9claration de confidentialit\u00e9 de YouTube \u00e0 l\u2019adresse suivante : <a href=\"https:\/\/www.google.de\/intl\/de\/policies\/privacy\">https:\/\/www.google.de\/intl\/de\/policies\/privacy<\/a>.<\/p>\n<p>&nbsp;<\/p>\n<h3>Cookies<\/h3>\n<p>Notre site web utilise des cookies. Il s\u2019agit de petits fichiers texte que votre navigateur web enregistre sur votre terminal. Les cookies nous aident \u00e0 rendre notre offre plus conviviale, plus efficace et plus s\u00fbre.<\/p>\n<p>Certains cookies sont des \u00ab cookies de session \u00bb. Ces cookies sont supprim\u00e9s d\u2019eux-m\u00eames \u00e0 la fin de votre session de navigation. En revanche, d\u2019autres cookies restent sur votre terminal jusqu\u2019\u00e0 ce que vous les supprimiez vous-m\u00eame. De tels cookies nous aident \u00e0 vous reconna\u00eetre lorsque vous revenez<br \/>sur notre site.<\/p>\n<p>Un navigateur web moderne vous permet de contr\u00f4ler, de limiter ou d\u2019emp\u00eacher l\u2019installation de cookies. De nombreux navigateurs web peuvent \u00eatre configur\u00e9s de mani\u00e8re \u00e0 ce que les cookies soient supprim\u00e9s d\u2019eux-m\u00eames \u00e0 la fermeture du programme. La d\u00e9sactivation des cookies<br \/>peut entra\u00eener une fonctionnalit\u00e9 limit\u00e9e de notre site web.<\/p>\n<p>L\u2019installation de cookies n\u00e9cessaires \u00e0 l\u2019ex\u00e9cution de processus de communication \u00e9lectronique ou \u00e0 la mise \u00e0 disposition de certaines fonctions que vous souhaitez (par ex. panier d\u2019achat) s\u2019effectue sur la base de l\u2019art. 6, paragraphe 1, de la loi sur la protection des donn\u00e9es 1 lit. f du RGPD. En tant qu\u2019exploitant de ce site web, nous avons un int\u00e9r\u00eat l\u00e9gitime \u00e0 l\u2019enregistrement de cookies pour une mise \u00e0 disposition de nos services sans erreurs techniques et sans probl\u00e8mes. Si d\u2019autres cookies sont install\u00e9s (par exemple pour des fonctions d\u2019analyse), ils sont trait\u00e9s s\u00e9par\u00e9ment dans la pr\u00e9sente d\u00e9claration de protection des donn\u00e9es.<\/p>\n<p>&nbsp;<\/p>\n<h3>Google Analytics<\/h3>\n<p>Notre site web utilise des fonctions du service d\u2019analyse web Google Analytics. Le fournisseur de ce service d\u2019analyse web est Google Inc., 1600 Amphitheatre Parkway, Mountain View, CA 94043, USA.<\/p>\n<p>Google Analytics utilise des \u00ab cookies \u00bb. Il s\u2019agit de petits fichiers texte que votre navigateur web enregistre sur votre terminal et qui permettent d\u2019analyser l\u2019utilisation du site web. Les informations g\u00e9n\u00e9r\u00e9es par les cookies concernant votre utilisation de notre site web sont transmises \u00e0 un serveur de Google et y sont enregistr\u00e9es. Le lieu d\u2019implantation du serveur est g\u00e9n\u00e9ralement les \u00c9tats-Unis.<\/p>\n<p>L\u2019installation des cookies de Google Analytics se fait sur la base de l\u2019article 6, paragraphe 6. 1 lit. f du RGPD. En tant qu\u2019exploitant de ce site web, nous avons un int\u00e9r\u00eat l\u00e9gitime \u00e0 analyser le comportement des utilisateurs afin d\u2019optimiser notre offre web et, le cas \u00e9ch\u00e9ant, notre publicit\u00e9.<\/p>\n<p><strong>Anonymisation des IP<\/strong><\/p>\n<p>Nous utilisons Google Analytics en combinaison avec la fonction d\u2019anonymisation IP. Elle garantit que Google tronque votre adresse IP dans les \u00c9tats membres de l\u2019Union europ\u00e9enne ou dans d\u2019autres \u00c9tats parties \u00e0 l\u2019accord sur l\u2019Espace \u00e9conomique europ\u00e9en avant de la transmettre aux \u00c9tats-Unis. Il peut y avoir des cas exceptionnels dans lesquels Google transmet l\u2019adresse IP compl\u00e8te \u00e0 un serveur situ\u00e9 aux \u00c9tats-Unis et l\u2019y raccourcit. En notre nom, Google utilisera ces informations afin d\u2019\u00e9valuer votre utilisation du site,<br \/>d\u2019\u00e9tablir des rapports sur les activit\u00e9s du site et de nous fournir d\u2019autres services li\u00e9s \u00e0 l\u2019utilisation du site et d\u2019Internet. Aucun regroupement de l\u2019adresse IP transmise par Google Analytics<br \/>avec d\u2019autres donn\u00e9es de Google n\u2019a lieu.<\/p>\n<p><strong>Plugin de navigateur<\/strong><\/p>\n<p>Il est possible d\u2019emp\u00eacher l\u2019installation de cookies par votre navigateur web. Certaines fonctions de notre site web pourraient toutefois s\u2019en trouver limit\u00e9es. Vous pouvez \u00e9galement emp\u00eacher la collecte de donn\u00e9es relatives \u00e0 votre utilisation du site, y compris votre adresse IP,<br \/>et leur traitement ult\u00e9rieur par Google. Cela est possible en t\u00e9l\u00e9chargeant et en installant le plug-in de navigateur accessible via le lien suivant : <a href=\"https:\/\/tools.google.com\/dlpage\/gaoptout?hl=de\">https:\/\/tools.google.com\/dlpage\/gaoptout?hl=de<\/a>.<\/p>\n<p><strong>Opposition \u00e0 la collecte de donn\u00e9es<\/strong><\/p>\n<p>Vous pouvez emp\u00eacher la collecte de vos donn\u00e9es par Google Analytics en cliquant sur le lien suivant. Un cookie opt-out sera install\u00e9 pour emp\u00eacher la collecte de vos donn\u00e9es lors de vos prochaines visites sur notre site : D\u00e9sactiver Google Analytics.<\/p>\n<p>Pour plus de d\u00e9tails sur la mani\u00e8re dont Google Analytics traite les donn\u00e9es des utilisateurs, veuillez consulter la d\u00e9claration de confidentialit\u00e9 de Google : <a href=\"https:\/\/support.google.com\/analytics\/answer\/6004245?hl=de\">https:\/\/support.google.com\/analytics\/answer\/6004245?hl=de<\/a>.<\/p>\n<p><strong>Traitement des commandes<\/strong><\/p>\n<p>Afin de satisfaire pleinement aux exigences l\u00e9gales en mati\u00e8re de protection des donn\u00e9es, nous avons conclu un contrat de traitement des commandes avec Google.<\/p>\n<p><strong>Caract\u00e9ristiques d\u00e9mographiques dans Google Analytics<\/strong><\/p>\n<p>Notre site utilise la fonction \u00ab caract\u00e9ristiques d\u00e9mographiques \u00bb de Google Analytics. Elle permet de cr\u00e9er des rapports contenant des informations sur l\u2019\u00e2ge, le sexe et les int\u00e9r\u00eats des visiteurs du site. Ces donn\u00e9es proviennent de la publicit\u00e9 cibl\u00e9e par centres d\u2019int\u00e9r\u00eat<br \/>de Google ainsi que de donn\u00e9es de visiteurs de fournisseurs tiers. Il n\u2019est pas possible d\u2019attribuer les donn\u00e9es \u00e0 une personne en particulier. Vous pouvez d\u00e9sactiver cette fonction \u00e0 tout moment. Cela est possible via les param\u00e8tres des annonces dans votre compte Google ou<br \/>en interdisant de mani\u00e8re g\u00e9n\u00e9rale la collecte de vos donn\u00e9es par Google Analytics, comme expliqu\u00e9 au point \u00ab Opposition \u00e0 la collecte de donn\u00e9es \u00bb.<\/p>\n<p>&nbsp;<\/p>\n<h3>Google Web Fonts<\/h3>\n<p>Notre site web utilise des polices web de Google. Le fournisseur est Google Inc., 1600 Amphitheatre Parkway, Mountain View, CA 94043, USA.<\/p>\n<p>Gr\u00e2ce \u00e0 l\u2019utilisation de ces polices web, il est possible de vous pr\u00e9senter la repr\u00e9sentation de notre site web que nous souhaitons, ind\u00e9pendamment des polices dont vous disposez localement. Cela se fait par l\u2019appel des Google Web Fonts d\u2019un serveur de Google aux \u00c9tats-Unis et la transmission de vos donn\u00e9es \u00e0 Google qui en d\u00e9coule. Il s\u2019agit de votre adresse IP et de la page que vous avez visit\u00e9e sur notre site. L\u2019utilisation de Google Web Fonts se fait sur la base de l\u2019art. 6 al. 1 lit. f du RGPD. En tant qu\u2019exploitant de ce site web, nous avons un int\u00e9r\u00eat l\u00e9gitime \u00e0 la pr\u00e9sentation et \u00e0 la transmission optimales de notre pr\u00e9sence sur le web.<\/p>\n<p>L\u2019entreprise Google est certifi\u00e9e par l\u2019accord europ\u00e9en sur la protection des donn\u00e9es \u00ab Privacy Shield \u00bb. Cette convention sur la protection des donn\u00e9es vise \u00e0 garantir le respect du niveau de protection des donn\u00e9es en vigueur dans l\u2019UE.<\/p>\n<p>Vous trouverez des d\u00e9tails sur Google Web Fonts \u00e0 l\u2019adresse suivante : <a href=\"https:\/\/www.google.com\/fonts#AboutPlace:about\">https:\/\/www.google.com\/fonts#AboutPlace:about<\/a> et des informations compl\u00e9mentaires dans les r\u00e8gles de confidentialit\u00e9 de Google : <a href=\"https:\/\/policies.google.com\/privacy\/partners?hl=de\">https:\/\/policies.google.com\/privacy\/partners?hl=de<\/a><\/p>\n<p>&nbsp;<\/p>\n<p><small>Source : Configurateur de protection des donn\u00e9es de<a href=\"http:\/\/www.mein-datenschutzbeauftragter.de\" target=\"_blank\" rel=\"noopener\">mein-datenschutzbeauftragter.de<\/a><\/small><\/p>\n<p>[\/et_pb_text][\/et_pb_column][\/et_pb_row][\/et_pb_section]<\/p>\n","protected":false},"excerpt":{"rendered":"<p>Protection des donn\u00e9esRemarque g\u00e9n\u00e9rale Le responsable du traitement des donn\u00e9es sur ce site est : Hotel WalliserhofThermenstrasse 70CH-3954 Leukerbad E-Mail: info@walliserhof.chTelefon: 027 472 79 60 Le responsable d\u00e9cide, seul ou conjointement avec d\u2019autres, des finalit\u00e9s et des moyens du traitement des donn\u00e9es \u00e0 caract\u00e8re personnel (p. ex. noms, coordonn\u00e9es ou autres). R\u00e9vocation de votre consentement au traitement des donn\u00e9es Certaines op\u00e9rations de traitement des donn\u00e9es ne sont possibles qu\u2019avec votre consentement explicite. Il est possible de r\u00e9voquer \u00e0 tout moment le consentement que vous avez d\u00e9j\u00e0 donn\u00e9. Pour la r\u00e9vocation, il suffit d\u2019envoyer un message informel par e-mail. La l\u00e9galit\u00e9 du traitement des donn\u00e9es effectu\u00e9 jusqu\u2019\u00e0 la r\u00e9vocation n\u2019est pas affect\u00e9e par la r\u00e9vocation. Droit de recours aupr\u00e8s de l\u2019autorit\u00e9 de surveillance comp\u00e9tente En tant que personne concern\u00e9e, vous disposez d\u2019un droit de recours aupr\u00e8s de l\u2019autorit\u00e9 de surveillance comp\u00e9tente en cas d\u2019infraction \u00e0 la l\u00e9gislation sur la protection des donn\u00e9es. L\u2019autorit\u00e9 de surveillance comp\u00e9tente pour les questions relatives \u00e0 la protection des donn\u00e9es est le responsable r\u00e9gional de la protection des donn\u00e9es du Land dans lequel se trouve le si\u00e8ge de notre entreprise. Le lien suivant fournit une liste des d\u00e9l\u00e9gu\u00e9s \u00e0 la protection des donn\u00e9es ainsi que leurs [&hellip;]<\/p>\n","protected":false},"author":1,"featured_media":0,"parent":0,"menu_order":0,"comment_status":"closed","ping_status":"closed","template":"","meta":{"_et_pb_use_builder":"on","_et_pb_old_content":"","_et_gb_content_width":"","footnotes":""},"class_list":["post-23218","page","type-page","status-publish","hentry"],"yoast_head":"<!-- This site is optimized with the Yoast SEO plugin v26.8 - https:\/\/yoast.com\/product\/yoast-seo-wordpress\/ -->\n<title>Protection des donn\u00e9es - Hotel Walliserhof Leukerbad<\/title>\n<meta name=\"robots\" content=\"index, follow, max-snippet:-1, max-image-preview:large, max-video-preview:-1\" \/>\n<link rel=\"canonical\" href=\"https:\/\/walliserhof.ch\/fr\/protection-des-donnees\/\" \/>\n<meta property=\"og:locale\" content=\"fr_FR\" \/>\n<meta property=\"og:type\" content=\"article\" \/>\n<meta property=\"og:title\" content=\"Protection des donn\u00e9es - Hotel Walliserhof Leukerbad\" \/>\n<meta property=\"og:description\" content=\"Protection des donn\u00e9esRemarque g\u00e9n\u00e9rale Le responsable du traitement des donn\u00e9es sur ce site est : Hotel WalliserhofThermenstrasse 70CH-3954 Leukerbad E-Mail: info@walliserhof.chTelefon: 027 472 79 60 Le responsable d\u00e9cide, seul ou conjointement avec d\u2019autres, des finalit\u00e9s et des moyens du traitement des donn\u00e9es \u00e0 caract\u00e8re personnel (p. ex. noms, coordonn\u00e9es ou autres). R\u00e9vocation de votre consentement au traitement des donn\u00e9es Certaines op\u00e9rations de traitement des donn\u00e9es ne sont possibles qu\u2019avec votre consentement explicite. Il est possible de r\u00e9voquer \u00e0 tout moment le consentement que vous avez d\u00e9j\u00e0 donn\u00e9. Pour la r\u00e9vocation, il suffit d\u2019envoyer un message informel par e-mail. La l\u00e9galit\u00e9 du traitement des donn\u00e9es effectu\u00e9 jusqu\u2019\u00e0 la r\u00e9vocation n\u2019est pas affect\u00e9e par la r\u00e9vocation. Droit de recours aupr\u00e8s de l\u2019autorit\u00e9 de surveillance comp\u00e9tente En tant que personne concern\u00e9e, vous disposez d\u2019un droit de recours aupr\u00e8s de l\u2019autorit\u00e9 de surveillance comp\u00e9tente en cas d\u2019infraction \u00e0 la l\u00e9gislation sur la protection des donn\u00e9es. L\u2019autorit\u00e9 de surveillance comp\u00e9tente pour les questions relatives \u00e0 la protection des donn\u00e9es est le responsable r\u00e9gional de la protection des donn\u00e9es du Land dans lequel se trouve le si\u00e8ge de notre entreprise. Le lien suivant fournit une liste des d\u00e9l\u00e9gu\u00e9s \u00e0 la protection des donn\u00e9es ainsi que leurs [&hellip;]\" \/>\n<meta property=\"og:url\" content=\"https:\/\/walliserhof.ch\/fr\/protection-des-donnees\/\" \/>\n<meta property=\"og:site_name\" content=\"Hotel Walliserhof Leukerbad\" \/>\n<meta property=\"article:modified_time\" content=\"2024-09-24T12:52:45+00:00\" \/>\n<meta name=\"twitter:card\" content=\"summary_large_image\" \/>\n<meta name=\"twitter:label1\" content=\"Dur\u00e9e de lecture estim\u00e9e\" \/>\n\t<meta name=\"twitter:data1\" content=\"11 minutes\" \/>\n<script type=\"application\/ld+json\" class=\"yoast-schema-graph\">{\"@context\":\"https:\/\/schema.org\",\"@graph\":[{\"@type\":\"WebPage\",\"@id\":\"https:\/\/walliserhof.ch\/fr\/protection-des-donnees\/\",\"url\":\"https:\/\/walliserhof.ch\/fr\/protection-des-donnees\/\",\"name\":\"Protection des donn\u00e9es - Hotel Walliserhof Leukerbad\",\"isPartOf\":{\"@id\":\"https:\/\/walliserhof.ch\/#website\"},\"datePublished\":\"2021-05-28T12:14:32+00:00\",\"dateModified\":\"2024-09-24T12:52:45+00:00\",\"breadcrumb\":{\"@id\":\"https:\/\/walliserhof.ch\/fr\/protection-des-donnees\/#breadcrumb\"},\"inLanguage\":\"fr-FR\",\"potentialAction\":[{\"@type\":\"ReadAction\",\"target\":[\"https:\/\/walliserhof.ch\/fr\/protection-des-donnees\/\"]}]},{\"@type\":\"BreadcrumbList\",\"@id\":\"https:\/\/walliserhof.ch\/fr\/protection-des-donnees\/#breadcrumb\",\"itemListElement\":[{\"@type\":\"ListItem\",\"position\":1,\"name\":\"Startseite\",\"item\":\"https:\/\/walliserhof.ch\/fr\/\"},{\"@type\":\"ListItem\",\"position\":2,\"name\":\"Protection des donn\u00e9es\"}]},{\"@type\":\"WebSite\",\"@id\":\"https:\/\/walliserhof.ch\/#website\",\"url\":\"https:\/\/walliserhof.ch\/\",\"name\":\"Hotel Walliserhof Leukerbad\",\"description\":\"Zimmer mieten im Walliserhof Leukerbad\",\"publisher\":{\"@id\":\"https:\/\/walliserhof.ch\/#organization\"},\"potentialAction\":[{\"@type\":\"SearchAction\",\"target\":{\"@type\":\"EntryPoint\",\"urlTemplate\":\"https:\/\/walliserhof.ch\/?s={search_term_string}\"},\"query-input\":{\"@type\":\"PropertyValueSpecification\",\"valueRequired\":true,\"valueName\":\"search_term_string\"}}],\"inLanguage\":\"fr-FR\"},{\"@type\":\"Organization\",\"@id\":\"https:\/\/walliserhof.ch\/#organization\",\"name\":\"Hotel Walliserhof Leukerbad\",\"url\":\"https:\/\/walliserhof.ch\/\",\"logo\":{\"@type\":\"ImageObject\",\"inLanguage\":\"fr-FR\",\"@id\":\"https:\/\/walliserhof.ch\/#\/schema\/logo\/image\/\",\"url\":\"https:\/\/walliserhof.ch\/wp-content\/uploads\/logo.png\",\"contentUrl\":\"https:\/\/walliserhof.ch\/wp-content\/uploads\/logo.png\",\"width\":1836,\"height\":1228,\"caption\":\"Hotel Walliserhof Leukerbad\"},\"image\":{\"@id\":\"https:\/\/walliserhof.ch\/#\/schema\/logo\/image\/\"}}]}<\/script>\n<!-- \/ Yoast SEO plugin. -->","yoast_head_json":{"title":"Protection des donn\u00e9es - Hotel Walliserhof Leukerbad","robots":{"index":"index","follow":"follow","max-snippet":"max-snippet:-1","max-image-preview":"max-image-preview:large","max-video-preview":"max-video-preview:-1"},"canonical":"https:\/\/walliserhof.ch\/fr\/protection-des-donnees\/","og_locale":"fr_FR","og_type":"article","og_title":"Protection des donn\u00e9es - Hotel Walliserhof Leukerbad","og_description":"Protection des donn\u00e9esRemarque g\u00e9n\u00e9rale Le responsable du traitement des donn\u00e9es sur ce site est : Hotel WalliserhofThermenstrasse 70CH-3954 Leukerbad E-Mail: info@walliserhof.chTelefon: 027 472 79 60 Le responsable d\u00e9cide, seul ou conjointement avec d\u2019autres, des finalit\u00e9s et des moyens du traitement des donn\u00e9es \u00e0 caract\u00e8re personnel (p. ex. noms, coordonn\u00e9es ou autres). R\u00e9vocation de votre consentement au traitement des donn\u00e9es Certaines op\u00e9rations de traitement des donn\u00e9es ne sont possibles qu\u2019avec votre consentement explicite. Il est possible de r\u00e9voquer \u00e0 tout moment le consentement que vous avez d\u00e9j\u00e0 donn\u00e9. Pour la r\u00e9vocation, il suffit d\u2019envoyer un message informel par e-mail. La l\u00e9galit\u00e9 du traitement des donn\u00e9es effectu\u00e9 jusqu\u2019\u00e0 la r\u00e9vocation n\u2019est pas affect\u00e9e par la r\u00e9vocation. Droit de recours aupr\u00e8s de l\u2019autorit\u00e9 de surveillance comp\u00e9tente En tant que personne concern\u00e9e, vous disposez d\u2019un droit de recours aupr\u00e8s de l\u2019autorit\u00e9 de surveillance comp\u00e9tente en cas d\u2019infraction \u00e0 la l\u00e9gislation sur la protection des donn\u00e9es. L\u2019autorit\u00e9 de surveillance comp\u00e9tente pour les questions relatives \u00e0 la protection des donn\u00e9es est le responsable r\u00e9gional de la protection des donn\u00e9es du Land dans lequel se trouve le si\u00e8ge de notre entreprise. Le lien suivant fournit une liste des d\u00e9l\u00e9gu\u00e9s \u00e0 la protection des donn\u00e9es ainsi que leurs [&hellip;]","og_url":"https:\/\/walliserhof.ch\/fr\/protection-des-donnees\/","og_site_name":"Hotel Walliserhof Leukerbad","article_modified_time":"2024-09-24T12:52:45+00:00","twitter_card":"summary_large_image","twitter_misc":{"Dur\u00e9e de lecture estim\u00e9e":"11 minutes"},"schema":{"@context":"https:\/\/schema.org","@graph":[{"@type":"WebPage","@id":"https:\/\/walliserhof.ch\/fr\/protection-des-donnees\/","url":"https:\/\/walliserhof.ch\/fr\/protection-des-donnees\/","name":"Protection des donn\u00e9es - Hotel Walliserhof Leukerbad","isPartOf":{"@id":"https:\/\/walliserhof.ch\/#website"},"datePublished":"2021-05-28T12:14:32+00:00","dateModified":"2024-09-24T12:52:45+00:00","breadcrumb":{"@id":"https:\/\/walliserhof.ch\/fr\/protection-des-donnees\/#breadcrumb"},"inLanguage":"fr-FR","potentialAction":[{"@type":"ReadAction","target":["https:\/\/walliserhof.ch\/fr\/protection-des-donnees\/"]}]},{"@type":"BreadcrumbList","@id":"https:\/\/walliserhof.ch\/fr\/protection-des-donnees\/#breadcrumb","itemListElement":[{"@type":"ListItem","position":1,"name":"Startseite","item":"https:\/\/walliserhof.ch\/fr\/"},{"@type":"ListItem","position":2,"name":"Protection des donn\u00e9es"}]},{"@type":"WebSite","@id":"https:\/\/walliserhof.ch\/#website","url":"https:\/\/walliserhof.ch\/","name":"Hotel Walliserhof Leukerbad","description":"Zimmer mieten im Walliserhof Leukerbad","publisher":{"@id":"https:\/\/walliserhof.ch\/#organization"},"potentialAction":[{"@type":"SearchAction","target":{"@type":"EntryPoint","urlTemplate":"https:\/\/walliserhof.ch\/?s={search_term_string}"},"query-input":{"@type":"PropertyValueSpecification","valueRequired":true,"valueName":"search_term_string"}}],"inLanguage":"fr-FR"},{"@type":"Organization","@id":"https:\/\/walliserhof.ch\/#organization","name":"Hotel Walliserhof Leukerbad","url":"https:\/\/walliserhof.ch\/","logo":{"@type":"ImageObject","inLanguage":"fr-FR","@id":"https:\/\/walliserhof.ch\/#\/schema\/logo\/image\/","url":"https:\/\/walliserhof.ch\/wp-content\/uploads\/logo.png","contentUrl":"https:\/\/walliserhof.ch\/wp-content\/uploads\/logo.png","width":1836,"height":1228,"caption":"Hotel Walliserhof Leukerbad"},"image":{"@id":"https:\/\/walliserhof.ch\/#\/schema\/logo\/image\/"}}]}},"_links":{"self":[{"href":"https:\/\/walliserhof.ch\/fr\/wp-json\/wp\/v2\/pages\/23218","targetHints":{"allow":["GET"]}}],"collection":[{"href":"https:\/\/walliserhof.ch\/fr\/wp-json\/wp\/v2\/pages"}],"about":[{"href":"https:\/\/walliserhof.ch\/fr\/wp-json\/wp\/v2\/types\/page"}],"author":[{"embeddable":true,"href":"https:\/\/walliserhof.ch\/fr\/wp-json\/wp\/v2\/users\/1"}],"replies":[{"embeddable":true,"href":"https:\/\/walliserhof.ch\/fr\/wp-json\/wp\/v2\/comments?post=23218"}],"version-history":[{"count":0,"href":"https:\/\/walliserhof.ch\/fr\/wp-json\/wp\/v2\/pages\/23218\/revisions"}],"wp:attachment":[{"href":"https:\/\/walliserhof.ch\/fr\/wp-json\/wp\/v2\/media?parent=23218"}],"curies":[{"name":"wp","href":"https:\/\/api.w.org\/{rel}","templated":true}]}}